{"id":91,"date":"2016-03-24T12:35:10","date_gmt":"2016-03-24T12:35:10","guid":{"rendered":"http:\/\/uniblaga.eu\/?page_id=91"},"modified":"2020-09-29T08:26:00","modified_gmt":"2020-09-29T08:26:00","slug":"vol-36-2015","status":"publish","type":"page","link":"https:\/\/uniblaga.eu\/ro\/germanistische-beitrage\/vol-36-2015\/","title":{"rendered":"Vol. 36, 2015"},"content":{"rendered":"<p><\/p>\n<p class=\"style1\"><a href=\"http:\/\/uniblaga.eu\/wp-content\/uploads\/2016\/03\/RoAbstracts36.pdf\">Abstracte<\/a><\/p>\n<p class=\"style1\"><a href=\"http:\/\/uniblaga.eu\/wp-content\/uploads\/2016\/03\/Vorwort-36.pdf\">Cuv\u00e2nt \u00eenainte (9)<\/a><\/p>\n<p class=\"style1\">I. Literatur\u0103 \u015fi cultur\u0103 \u015fi civiliza\u0163ie<\/p>\n<p class=\"style1\"><a href=\"http:\/\/uniblaga.eu\/wp-content\/uploads\/2016\/03\/36.1.1.pdf\"><strong>Roxana NUBERT\/Ana-Maria DASCALU ROMITAN (Temeswar\/Bukarest):<\/strong><\/a><br \/>\n<a href=\"http:\/\/uniblaga.eu\/wp-content\/uploads\/2016\/03\/36.1.1.pdf\"> Imaginea dictaturii \u00een romanul Animalul inimii de Herta M\u00fcller \u2013 cu referire special\u0103 la limbaj (13)<\/a><\/p>\n<p class=\"style1\"><a href=\"http:\/\/uniblaga.eu\/wp-content\/uploads\/2016\/03\/36.1.2.pdf\"><strong>Markus FISCHER (Bukarest):<\/strong><\/a><br \/>\n<a href=\"http:\/\/uniblaga.eu\/wp-content\/uploads\/2016\/03\/36.1.2.pdf\"> \u201cEu este un altul\u201d \u2013 Imagini proprii \u015fi str\u0103ine \u00een romanul lui Max Frisch Stiller (33)<\/a><\/p>\n<p class=\"style1\"><a href=\"http:\/\/uniblaga.eu\/wp-content\/uploads\/2016\/03\/36.1.3.pdf\"><strong>Alexander RUBEL (Iassy):<\/strong><\/a><br \/>\n<a href=\"http:\/\/uniblaga.eu\/wp-content\/uploads\/2016\/03\/36.1.3.pdf\"> \u201e\u00cempotriva Indienilor\u201c. Reprezentarea du\u0219manului \u00een \u201eFurtun\u0103 de o\u021bel\u201c de Ernst J\u00fcnger (45)<\/a><\/p>\n<p class=\"style1\"><a href=\"http:\/\/uniblaga.eu\/wp-content\/uploads\/2016\/03\/36.1.5.pdf\"><strong>Carmen Elisabeth PUCHIANU (Brasov\/Kronstadt)<\/strong>:<\/a><br \/>\n<a href=\"http:\/\/uniblaga.eu\/wp-content\/uploads\/2016\/03\/36.1.5.pdf\"> Reprezentarea sinelui propriu si a celui asumat in piesa \u201cCaz de \u00eengrijire permanent\u0103\u201d de C. E. Puchianu \u015fi R. G. Elekes (83)<\/a><\/p>\n<p class=\"style1\"><a href=\"http:\/\/uniblaga.eu\/wp-content\/uploads\/2016\/03\/36.1.6.pdf\"><strong>Sunhild GALTER (Hermannstadt\/Sibiu):<\/strong><\/a><br \/>\n<a href=\"http:\/\/uniblaga.eu\/wp-content\/uploads\/2016\/03\/36.1.6.pdf\"> \u201cAlteritatea\u201d drept partener indispensabil prezentat \u00een romanul Der Mann schl\u00e4ft [B\u0103rbatul doarme] de Sibylle Berg (97)<\/a><\/p>\n<p class=\"style1\"><a href=\"http:\/\/uniblaga.eu\/wp-content\/uploads\/2016\/03\/36.1.7.pdf\"><strong>Joachim WITTSTOCK (Sibiu\/Hermannstadt):<\/strong><\/a><br \/>\n<a href=\"http:\/\/uniblaga.eu\/wp-content\/uploads\/2016\/03\/36.1.7.pdf\"> \u00cen \u00eempletitura identit\u0103\u0163ilor. Momente de istorie cultural\u0103, evocate prin cazul lui J\u00e1nos Bolyai (111)<\/a><\/p>\n<p class=\"style1\"><a href=\"http:\/\/uniblaga.eu\/wp-content\/uploads\/2016\/03\/36.1.8.pdf\"><strong>Alexandra CHIRIAC (Iassy):<\/strong><\/a><br \/>\n<a href=\"http:\/\/uniblaga.eu\/wp-content\/uploads\/2016\/03\/36.1.8.pdf\"> \u201cBertoldo\u201d si versiunea sa transilv\u0103nean\u0103 de la sf\u00e2r\u015fitul secolului al XVIII-lea. Rolul \u201cceluilalt\u201d \u00een dezvoltarea literar\u0103 \u015fi lingvistic\u0103 a Transilvaniei luminate (124)<\/a><\/p>\n<p>II. Linguistics<\/p>\n<p><a href=\"http:\/\/uniblaga.eu\/wp-content\/uploads\/2016\/03\/36.2.1.pdf\"><strong>Doris SAVA (Sibiu\/Hermannstadt):<\/strong> Reflec\u021bii asupra unor aprecieri eronate din perspectiva uzului limbii (149)<\/a><\/p>\n<p><a href=\"http:\/\/uniblaga.eu\/wp-content\/uploads\/2016\/03\/36.2.2.pdf\"><strong>Adriana-Lucia NISTOR (IASSY): <\/strong>Imaginea \u201eceluilalt\u201d \u00een numele str\u0103zilor din Sebe\u015f. Siculorumgasse, Griechengasse, Opricestengasse, Str. Saxonii Noi (169)<\/a><\/p>\n<p><a href=\"http:\/\/uniblaga.eu\/wp-content\/uploads\/2016\/03\/36.2.3.pdf\"><strong>Sigrid HALDEWANG (Sibiu\/Hermannstadt):<\/strong><\/a><br \/>\n<a href=\"http:\/\/uniblaga.eu\/wp-content\/uploads\/2016\/03\/36.2.3.pdf\"> O privire \u00een lumea vie\u0163uitoarelor mici cu aripi, \u00een lumea p\u0103s\u0103rilor din Transilvania. \u2013 Cu privire la speciile bufni\u0163ei \u2013 denumiri proprii, pe l\u00e2ng\u0103 denumiri \u00eemprumutate din limbile \u00eenvecinate, \u00een graiurile s\u0103se\u015fti din Transilvania\u00a0(184)<\/a><\/p>\n<p><a href=\"http:\/\/uniblaga.eu\/wp-content\/uploads\/2016\/03\/36.2.4.pdf\"><strong>Adriana D\u0102NIL\u0102 (Bukarest)<\/strong>:<\/a><br \/>\n<a href=\"http:\/\/uniblaga.eu\/wp-content\/uploads\/2016\/03\/36.2.4.pdf\"> REPREZENTAREA RELA\u0162IILOR DE PUTERE \u00ceN DISCURSUL POLITIC (Cazul discursurilor comemorative \u021binute la moartea fostului pre\u0219edinte al Republicii Democrate Germane Wilhelm Pieck)\u00a0(205)<\/a><\/p>\n<p><a href=\"http:\/\/uniblaga.eu\/wp-content\/uploads\/2016\/03\/36.2.5.pdf\"><strong>Ana KARLSTEDT (Bukarest): <\/strong>Imaginea &#8222;celuilalt&#8221; \u00een pedagogia intercultural\u0103 \u00a0(222)<\/a><\/p>\n<p class=\"style1\"><a href=\"http:\/\/uniblaga.eu\/wp-content\/uploads\/2016\/03\/36.2.6.pdf\"><strong>Iulia ZUP (Iassy):<br \/>\n<\/strong>Traducerile codului civil habsburgic \u00een rom\u00e2n\u0103 (240)<\/a><\/p>\n<p><strong>III.Recenzii <\/strong><\/p>\n<p><a href=\"http:\/\/uniblaga.eu\/wp-content\/uploads\/2016\/03\/36.3.1.pdf\"><strong>Maria SASS<\/strong>: Sunt dou\u0103 c\u0103i, dar un singur ideal!\u00a0(259)<\/a><\/p>\n<p><a href=\"http:\/\/uniblaga.eu\/wp-content\/uploads\/2016\/03\/36.3.2.pdf\"><strong>Doris SAVA<\/strong>: Structura morfematic\u0103\u00a0a grupului nominal \u00een limba german\u0103\u00a0(264)<\/a><\/p>","protected":false},"excerpt":{"rendered":"<p>Abstracte Cuv\u00e2nt \u00eenainte (9) I. Literatur\u0103 \u015fi cultur\u0103 \u015fi civiliza\u0163ie Roxana NUBERT\/Ana-Maria DASCALU ROMITAN (Temeswar\/Bukarest): Imaginea dictaturii \u00een romanul Animalul inimii de Herta M\u00fcller \u2013 cu referire special\u0103 la limbaj (13) Markus FISCHER (Bukarest): \u201cEu este un altul\u201d \u2013 Imagini proprii \u015fi str\u0103ine \u00een romanul lui Max Frisch Stiller (33) Alexander RUBEL (Iassy): \u201e\u00cempotriva Indienilor\u201c. &hellip; <a href=\"https:\/\/uniblaga.eu\/ro\/germanistische-beitrage\/vol-36-2015\/\" class=\"more-link\">Continuarea <span class=\"screen-reader-text\">Vol. 36, 2015<\/span> <span class=\"meta-nav\">&rarr;<\/span><\/a><\/p>\n","protected":false},"author":1,"featured_media":0,"parent":7,"menu_order":0,"comment_status":"closed","ping_status":"closed","template":"","meta":[],"_links":{"self":[{"href":"https:\/\/uniblaga.eu\/ro\/wp-json\/wp\/v2\/pages\/91"}],"collection":[{"href":"https:\/\/uniblaga.eu\/ro\/wp-json\/wp\/v2\/pages"}],"about":[{"href":"https:\/\/uniblaga.eu\/ro\/wp-json\/wp\/v2\/types\/page"}],"author":[{"embeddable":true,"href":"https:\/\/uniblaga.eu\/ro\/wp-json\/wp\/v2\/users\/1"}],"replies":[{"embeddable":true,"href":"https:\/\/uniblaga.eu\/ro\/wp-json\/wp\/v2\/comments?post=91"}],"version-history":[{"count":15,"href":"https:\/\/uniblaga.eu\/ro\/wp-json\/wp\/v2\/pages\/91\/revisions"}],"predecessor-version":[{"id":960,"href":"https:\/\/uniblaga.eu\/ro\/wp-json\/wp\/v2\/pages\/91\/revisions\/960"}],"up":[{"embeddable":true,"href":"https:\/\/uniblaga.eu\/ro\/wp-json\/wp\/v2\/pages\/7"}],"wp:attachment":[{"href":"https:\/\/uniblaga.eu\/ro\/wp-json\/wp\/v2\/media?parent=91"}],"curies":[{"name":"wp","href":"https:\/\/api.w.org\/{rel}","templated":true}]}}