{"id":133,"date":"2016-03-24T13:06:03","date_gmt":"2016-03-24T13:06:03","guid":{"rendered":"http:\/\/uniblaga.eu\/?page_id=133"},"modified":"2016-03-28T14:10:09","modified_gmt":"2016-03-28T14:10:09","slug":"vol-26-2010","status":"publish","type":"page","link":"https:\/\/uniblaga.eu\/ro\/germanistische-beitrage\/vol-26-2010\/","title":{"rendered":"Vol. 26, 2010"},"content":{"rendered":"<p><a href=\"http:\/\/uniblaga.eu\/wp-content\/uploads\/2016\/03\/Abstracts26.pdf\">Abstracts<\/a><\/p>\n<p class=\"style1\"><strong>I. Literaturwissenschaft und Landeskunde<\/strong><\/p>\n<p>Cuv\u00e2nt \u00eenainte (11)<\/p>\n<p class=\"style1\"><a href=\"http:\/\/uniblaga.eu\/wp-content\/uploads\/2016\/03\/26.1.1.pdf\">Joachim Wittstock (Sibiu\/Hermannstadt ):<\/a><br \/>\n<a href=\"http:\/\/uniblaga.eu\/wp-content\/uploads\/2016\/03\/26.1.1.pdf\">Aus dem Bereich von &#8222;Litteris et Artis&#8221;. Literarhistorische<\/a><br \/>\n<a href=\"http:\/\/uniblaga.eu\/wp-content\/uploads\/2016\/03\/26.1.1.pdf\">Er\u00f6rterungen im Rahmen der Hermannst\u00e4dter\u00a0Hochschulgermanistik (15)<\/a><\/p>\n<p class=\"style1\"><a href=\"http:\/\/uniblaga.eu\/wp-content\/uploads\/2016\/03\/26.1.2.pdf\">Christoph Klein (Sibiu\/Hermannstadt):<\/a><br \/>\n<a href=\"http:\/\/uniblaga.eu\/wp-content\/uploads\/2016\/03\/26.1.2.pdf\">Bilanz-Warum? \u2013 Retrospektive-Wieso? Betrachtungen<\/a><br \/>\n<a href=\"http:\/\/uniblaga.eu\/wp-content\/uploads\/2016\/03\/26.1.2.pdf\">zu Joachim Wittstocks Erz\u00e4hlung &#8222;Karussellpolka&#8221; (31)<\/a><\/p>\n<p class=\"style1\"><a href=\"http:\/\/uniblaga.eu\/wp-content\/uploads\/2016\/03\/26.1.3.pdf\">Delia Cot\u00e2rlea (Bra\u0219ov\/Kronstadt):<\/a><br \/>\n<a href=\"http:\/\/uniblaga.eu\/wp-content\/uploads\/2016\/03\/26.1.3.pdf\">Die Wende 1989 in Joachim Wittstocks Erz\u00e4hlung &#8222;In der<\/a><br \/>\n<a href=\"http:\/\/uniblaga.eu\/wp-content\/uploads\/2016\/03\/26.1.3.pdf\">Nachbarschaft. Von der Schw\u00e4che der Macht&#8221; (45)<\/a><\/p>\n<p class=\"style1\"><a href=\"http:\/\/uniblaga.eu\/wp-content\/uploads\/2016\/03\/26.1.4.pdf\">Robert Gabriel Elekes (Brasov\/Kronstadt):<\/a><br \/>\n<a href=\"http:\/\/uniblaga.eu\/wp-content\/uploads\/2016\/03\/26.1.4.pdf\">&#8222;Der uns angebotene Halt.&#8221; Joachim Wittstock als Essayist (61)<\/a><\/p>\n<p class=\"style1\"><a href=\"http:\/\/uniblaga.eu\/wp-content\/uploads\/2016\/03\/26.1.5.pdf\">Taferner Barbara (Toblach, Italien):<\/a><br \/>\n<a href=\"http:\/\/uniblaga.eu\/wp-content\/uploads\/2016\/03\/26.1.5.pdf\">Der Fremde Blick im Werk Herta M\u00fcllers (70)<\/a><\/p>\n<p class=\"style1\"><a href=\"http:\/\/uniblaga.eu\/wp-content\/uploads\/2016\/03\/26.1.6.pdf\">Silvia Machein (Sibiu\/Hermannstadt):<\/a><br \/>\n<a href=\"http:\/\/uniblaga.eu\/wp-content\/uploads\/2016\/03\/26.1.6.pdf\">Nachgetragene Erinnerung: Uwe Timm, &#8222;Am Beispiel meines<\/a><br \/>\n<a href=\"http:\/\/uniblaga.eu\/wp-content\/uploads\/2016\/03\/26.1.6.pdf\">Bruders&#8221; (2003) und Robert Schiff, &#8222;Feldpostbriefe.<\/a><br \/>\n<a href=\"http:\/\/uniblaga.eu\/wp-content\/uploads\/2016\/03\/26.1.6.pdf\">Chronik eines ungebauten Hauses&#8221; (1994) (82)<\/a><\/p>\n<p class=\"style1\"><a href=\"http:\/\/uniblaga.eu\/wp-content\/uploads\/2016\/03\/26.1.7.pdf\">R\u00e9ka S\u00e1nta-Jakabh\u00e1zi (Cluj Napoca\/Klausenburg):<\/a><br \/>\n<a href=\"http:\/\/uniblaga.eu\/wp-content\/uploads\/2016\/03\/26.1.7.pdf\">&#8222;Musen in M\u00fclltonnen, Schutzengel auf dem Flohmarkt.&#8221;<\/a><br \/>\n<a href=\"http:\/\/uniblaga.eu\/wp-content\/uploads\/2016\/03\/26.1.7.pdf\">Franz Hodjaks neue Gedichte zwischen Desillusionierung und<\/a><br \/>\n<a href=\"http:\/\/uniblaga.eu\/wp-content\/uploads\/2016\/03\/26.1.7.pdf\">Melancholie (102)<\/a><\/p>\n<p class=\"style1\"><a href=\"http:\/\/uniblaga.eu\/wp-content\/uploads\/2016\/03\/26.1.8.pdf\">Tanja Becker (Timi\u0219oara\/Temeswar):<\/a><br \/>\n<a href=\"http:\/\/uniblaga.eu\/wp-content\/uploads\/2016\/03\/26.1.8.pdf\">&#8222;Ich habe Voltaire nie gelesen&#8221; \u2013 Unfreiwillige Parallelen<\/a><br \/>\n<a href=\"http:\/\/uniblaga.eu\/wp-content\/uploads\/2016\/03\/26.1.8.pdf\">zwischen C\u00e3t\u00e3lin Dorian Florescus &#8222;Zaira&#8221;\u00a0und Voltaires &#8222;Zaire&#8221; (117)<\/a><\/p>\n<p class=\"style1\"><a href=\"http:\/\/uniblaga.eu\/wp-content\/uploads\/2016\/03\/26.1.9.pdf\">Rodica B\u00e3lu\u00fe (Sibiu\/Hermannstadt):<\/a><br \/>\n<a href=\"http:\/\/uniblaga.eu\/wp-content\/uploads\/2016\/03\/26.1.9.pdf\">Intertextualit\u00e4t und Polyphonie in Dieter Schlesaks &#8222;VLAD.<\/a><br \/>\n<a href=\"http:\/\/uniblaga.eu\/wp-content\/uploads\/2016\/03\/26.1.9.pdf\">Die Dracula-Korrektur&#8221; (126)<\/a><\/p>\n<p class=\"style1\"><a href=\"http:\/\/uniblaga.eu\/wp-content\/uploads\/2016\/03\/26.1.10.pdf\">Andreea Iacob (Sibiu\/Hermannstadt):<\/a><br \/>\n<a href=\"http:\/\/uniblaga.eu\/wp-content\/uploads\/2016\/03\/26.1.10.pdf\">Die siebenb\u00fcrgische Familie als Paradigma in Eginald<\/a><br \/>\n<a href=\"http:\/\/uniblaga.eu\/wp-content\/uploads\/2016\/03\/26.1.10.pdf\">Schlattners Roman &#8222;Der gek\u00f6pfte Hahn&#8221; (141)<\/a><\/p>\n<p class=\"style1\"><a href=\"http:\/\/uniblaga.eu\/wp-content\/uploads\/2016\/03\/26.1.11.pdf\">Gudrun-Liane Ittu (Sibiu\/Hermannstadt):<\/a><br \/>\n<a href=\"http:\/\/uniblaga.eu\/wp-content\/uploads\/2016\/03\/26.1.11.pdf\">&#8222;Forschungen zur Volks- und Landeskunde&#8221; \u2013 eine Zeitschrift<\/a><br \/>\n<a href=\"http:\/\/uniblaga.eu\/wp-content\/uploads\/2016\/03\/26.1.11.pdf\">im Dienste der wissenschaftlichen Bestrebungen der deutschen<\/a><br \/>\n<a href=\"http:\/\/uniblaga.eu\/wp-content\/uploads\/2016\/03\/26.1.11.pdf\">Minderheit in Rum\u00e4nien (1959-1989) (151)<\/a><\/p>\n<p class=\"style1\"><strong>II. Sprachwissenschaft<\/strong><\/p>\n<p><a href=\"http:\/\/uniblaga.eu\/wp-content\/uploads\/2016\/03\/26.2.1.pdf\">Heinrich J. Dingeldein (Marburg):<\/a><br \/>\n<a href=\"http:\/\/uniblaga.eu\/wp-content\/uploads\/2016\/03\/26.2.1.pdf\">Zum Quellenwert deutscher Sprachzeugnisse aus S\u00fcdosteuropa<\/a><br \/>\n<a href=\"http:\/\/uniblaga.eu\/wp-content\/uploads\/2016\/03\/26.2.1.pdf\">f\u00fcr die Sprachgeschichte des Deutschen (167)<\/a><\/p>\n<p><a href=\"http:\/\/uniblaga.eu\/wp-content\/uploads\/2016\/03\/26.2.2.pdf\">Doris Sava (Sibiu\/Hermannstadt):<\/a><br \/>\n<a href=\"http:\/\/uniblaga.eu\/wp-content\/uploads\/2016\/03\/26.2.2.pdf\">Defizite der rum\u00e4nischen bilingualen Phraseografie mit Deutsch (185)<\/a><\/p>\n<p><a href=\"http:\/\/uniblaga.eu\/wp-content\/uploads\/2016\/03\/26.2.3.pdf\">Adina-Lucia Nistor (Iasi\/Jassy):<\/a><br \/>\n<a href=\"http:\/\/uniblaga.eu\/wp-content\/uploads\/2016\/03\/26.2.3.pdf\">Die Stra\u00dfennamen von Petersdorf M\u00fchlbach. Formanalyse und<\/a><br \/>\n<a href=\"http:\/\/uniblaga.eu\/wp-content\/uploads\/2016\/03\/26.2.3.pdf\">Nameninterferenzen (223)<\/a><\/p>\n<p><a href=\"http:\/\/uniblaga.eu\/wp-content\/uploads\/2016\/03\/26.2.4.pdf\">Rodica-Ofelia Miclea (Sibiu\/Hermannstadt ): Strukturen der<\/a><br \/>\n<a href=\"http:\/\/uniblaga.eu\/wp-content\/uploads\/2016\/03\/26.2.4.pdf\">Steigerung und Intensivierung im Vergleich. Am Beispiel<\/a><br \/>\n<a href=\"http:\/\/uniblaga.eu\/wp-content\/uploads\/2016\/03\/26.2.4.pdf\">des Adjektivs im Deutschen und Rum\u00e4nischen (239)<\/a><\/p>\n<p><a href=\"http:\/\/uniblaga.eu\/wp-content\/uploads\/2016\/03\/26.2.5.pdf\">Marin Simona (Sibiu\/Hermannstadt):<\/a><br \/>\n<a href=\"http:\/\/uniblaga.eu\/wp-content\/uploads\/2016\/03\/26.2.5.pdf\">Kultur und (Rechts)Sprache&#8230;&#8230;&#8230;&#8230;&#8230;&#8230;&#8230;&#8230;&#8230;&#8230;&#8230;&#8230;&#8230;&#8230;&#8230;. 254<\/a><\/p>\n<p class=\"style1\"><strong>III. \u00dcbersetzungswissenschaft und -kritik<\/strong><\/p>\n<p><a href=\"http:\/\/uniblaga.eu\/wp-content\/uploads\/2016\/03\/26.3.1.pdf\">Horst Schuller (Hermannstadt\/Heidelberg):<\/a><br \/>\n<a href=\"http:\/\/uniblaga.eu\/wp-content\/uploads\/2016\/03\/26.3.1.pdf\">Beispiel, Erfahrung, Theorie. \u00dcbersetzungswissenschaftliche<\/a><br \/>\n<a href=\"http:\/\/uniblaga.eu\/wp-content\/uploads\/2016\/03\/26.3.1.pdf\">Anmerkungen von Hermine Pilder-Klein &#8230;&#8230;&#8230;&#8230;&#8230;&#8230;&#8230;&#8230;&#8230;..<\/a><\/p>","protected":false},"excerpt":{"rendered":"<p>Abstracts I. Literaturwissenschaft und Landeskunde Cuv\u00e2nt \u00eenainte (11) Joachim Wittstock (Sibiu\/Hermannstadt ): Aus dem Bereich von &#8222;Litteris et Artis&#8221;. Literarhistorische Er\u00f6rterungen im Rahmen der Hermannst\u00e4dter\u00a0Hochschulgermanistik (15) Christoph Klein (Sibiu\/Hermannstadt): Bilanz-Warum? \u2013 Retrospektive-Wieso? Betrachtungen zu Joachim Wittstocks Erz\u00e4hlung &#8222;Karussellpolka&#8221; (31) Delia Cot\u00e2rlea (Bra\u0219ov\/Kronstadt): Die Wende 1989 in Joachim Wittstocks Erz\u00e4hlung &#8222;In der Nachbarschaft. Von der Schw\u00e4che &hellip; <a href=\"https:\/\/uniblaga.eu\/ro\/germanistische-beitrage\/vol-26-2010\/\" class=\"more-link\">Continuarea <span class=\"screen-reader-text\">Vol. 26, 2010<\/span> <span class=\"meta-nav\">&rarr;<\/span><\/a><\/p>\n","protected":false},"author":1,"featured_media":0,"parent":7,"menu_order":0,"comment_status":"closed","ping_status":"closed","template":"","meta":[],"_links":{"self":[{"href":"https:\/\/uniblaga.eu\/ro\/wp-json\/wp\/v2\/pages\/133"}],"collection":[{"href":"https:\/\/uniblaga.eu\/ro\/wp-json\/wp\/v2\/pages"}],"about":[{"href":"https:\/\/uniblaga.eu\/ro\/wp-json\/wp\/v2\/types\/page"}],"author":[{"embeddable":true,"href":"https:\/\/uniblaga.eu\/ro\/wp-json\/wp\/v2\/users\/1"}],"replies":[{"embeddable":true,"href":"https:\/\/uniblaga.eu\/ro\/wp-json\/wp\/v2\/comments?post=133"}],"version-history":[{"count":4,"href":"https:\/\/uniblaga.eu\/ro\/wp-json\/wp\/v2\/pages\/133\/revisions"}],"predecessor-version":[{"id":534,"href":"https:\/\/uniblaga.eu\/ro\/wp-json\/wp\/v2\/pages\/133\/revisions\/534"}],"up":[{"embeddable":true,"href":"https:\/\/uniblaga.eu\/ro\/wp-json\/wp\/v2\/pages\/7"}],"wp:attachment":[{"href":"https:\/\/uniblaga.eu\/ro\/wp-json\/wp\/v2\/media?parent=133"}],"curies":[{"name":"wp","href":"https:\/\/api.w.org\/{rel}","templated":true}]}}