{"id":127,"date":"2016-03-24T13:04:01","date_gmt":"2016-03-24T13:04:01","guid":{"rendered":"http:\/\/uniblaga.eu\/?page_id=127"},"modified":"2016-03-28T13:49:39","modified_gmt":"2016-03-28T13:49:39","slug":"vol-29-2011","status":"publish","type":"page","link":"https:\/\/uniblaga.eu\/ro\/germanistische-beitrage\/vol-29-2011\/","title":{"rendered":"Vol. 29, 2011"},"content":{"rendered":"<p><\/p>\n<p class=\"style1\"><a href=\"http:\/\/uniblaga.eu\/wp-content\/uploads\/2016\/03\/RoAbstracts29.pdf\">Abstracte<\/a><\/p>\n<p class=\"style1\"><a href=\"http:\/\/uniblaga.eu\/wp-content\/uploads\/2016\/03\/Vorwort29.pdf\">\u00a0Cuv\u00e2nt \u00eenainte (11)<\/a><\/p>\n<p class=\"style1\"><strong><span style=\"color: #000000;\">I. Literatur\u0103, cultur\u0103 \u015fi civiliza\u0163ie <\/span><\/strong><\/p>\n<p class=\"style1\"><a href=\"http:\/\/uniblaga.eu\/wp-content\/uploads\/2016\/03\/29.1.1.pdf\"><strong>Mariana-Virginia L\u00e3z\u00e3rescu:<\/strong><\/a><br \/>\n<a href=\"http:\/\/uniblaga.eu\/wp-content\/uploads\/2016\/03\/29.1.1.pdf\">C\u00e2nd mor, vreau s\u0103 m\u0103 g\u00e2ndesc \u00een sf\u00e2r\u015fit cu to\u0163i porii la ceva util.\u201d \u00cen memoria germanistei, poetei \u015fi traduc\u0103toarei Liana Corciu (15)<\/a><\/p>\n<p class=\"style1\"><a href=\"http:\/\/uniblaga.eu\/wp-content\/uploads\/2016\/03\/29.1.2.pdf\"><strong>Maria Sass:<\/strong><\/a><br \/>\n<a href=\"http:\/\/uniblaga.eu\/wp-content\/uploads\/2016\/03\/29.1.2.pdf\">Realismul magic ca modalitate de scriere camuflat\u0103, pornind de la Erika Mitterer \u015fi Gabriel Garc\u00eda M\u00e1rquez (26)<\/a><\/p>\n<p class=\"style1\"><a href=\"http:\/\/uniblaga.eu\/wp-content\/uploads\/2016\/03\/29.1.3.pdf\"><strong>Thomas Schares:<\/strong><\/a><br \/>\n<a href=\"http:\/\/uniblaga.eu\/wp-content\/uploads\/2016\/03\/29.1.3.pdf\">Interculturalitate dublu celebrat\u0103: Filmul Offset (2005) ca expresie a rela\u0163iilor rom\u00e2no-germane (58)<\/a><\/p>\n<p class=\"style1\"><a href=\"http:\/\/uniblaga.eu\/wp-content\/uploads\/2016\/03\/29.1.4.pdf\"><strong>Sunhild, Galter:<\/strong><\/a><br \/>\n<a href=\"http:\/\/uniblaga.eu\/wp-content\/uploads\/2016\/03\/29.1.4.pdf\">Lumi interconectate \u00een romanul Ruhm de Daniel Kehlmann &#8211; soart\u0103 sau \u0219ans\u0103? (86)<\/a><\/p>\n<p class=\"style1\"><a href=\"http:\/\/uniblaga.eu\/wp-content\/uploads\/2016\/03\/29.1.5.pdf\"><strong>Tanja Becker:<\/strong><\/a><br \/>\n<a href=\"http:\/\/uniblaga.eu\/wp-content\/uploads\/2016\/03\/29.1.5.pdf\"> Izvorul vie\u0163ii, al iubirii. Al urii \u015fi al mor\u0163ii: Rela\u0163ii mam\u0103 &#8211; fiic\u0103 \u00een opera lui Herta M\u00fcller, Aglaja Veteranyi, Carmen Francesca Banciu \u015fi Gabriela Adame\u015fteanu (98)<\/a><\/p>\n<p class=\"style1\"><a href=\"http:\/\/uniblaga.eu\/wp-content\/uploads\/2016\/03\/29.1.6.pdf\"><strong>Robert G. Elekes<\/strong>:<\/a><br \/>\n<a href=\"http:\/\/uniblaga.eu\/wp-content\/uploads\/2016\/03\/29.1.6.pdf\">\u00a0Filosofia intercultural\u0103 \u015fi teoria culturii \u00eentre modernism \u015fi postmodernism (119)<\/a><\/p>\n<p class=\"style1\"><a href=\"http:\/\/uniblaga.eu\/wp-content\/uploads\/2016\/03\/29.1.7.pdf\"><strong>Gabriela Sandor:<\/strong><\/a><br \/>\n<a href=\"http:\/\/uniblaga.eu\/wp-content\/uploads\/2016\/03\/29.1.7.pdf\">\u00a0Aspecte de transfer cultural \u00een T\u0103t\u0103roaica de Oscar Walter Cisek \u00a0(129)<\/a><\/p>\n<p><a href=\"http:\/\/uniblaga.eu\/wp-content\/uploads\/2016\/03\/29.1.8.pdf\"><strong>Ramona Stephan:<\/strong><\/a><br \/>\n<a href=\"http:\/\/uniblaga.eu\/wp-content\/uploads\/2016\/03\/29.1.8.pdf\">Etnologii sa\u015fi Paul \u015fi Adolf Schullerus (141)<\/a><\/p>\n<p class=\"style1\"><strong>II. Lingvistic\u0103 <\/strong><\/p>\n<p class=\"style1\"><a href=\"http:\/\/uniblaga.eu\/wp-content\/uploads\/2016\/03\/29.2.1.pdf\"><strong>Adina-Lucia Nistor:<\/strong><\/a><br \/>\n<a href=\"http:\/\/uniblaga.eu\/wp-content\/uploads\/2016\/03\/29.2.1.pdf\"><em> Geografie onomastic\u0103 digital\u0103 \u015fi migra\u0163ia demografic\u0103 cu referire la numele Lutsch (<\/em>153)<\/a><\/p>\n<p><a href=\"http:\/\/uniblaga.eu\/wp-content\/uploads\/2016\/03\/29.2.2.pdf\"><strong>Doris Sava:<\/strong><\/a><br \/>\n<a href=\"http:\/\/uniblaga.eu\/wp-content\/uploads\/2016\/03\/29.2.2.pdf\">Despre prezentarea \u015fi predarea expresiilor idiomatice \u00een manualele de specialitate (160)<\/a><\/p>\n<p><a href=\"http:\/\/uniblaga.eu\/wp-content\/uploads\/2016\/03\/29.2.3.pdf\"><strong>Liana Iunesch:<\/strong><\/a><br \/>\n<a href=\"http:\/\/uniblaga.eu\/wp-content\/uploads\/2016\/03\/29.2.3.pdf\">Despre competen\u0163a lingvistic\u0103 \u015fi contactul lingvistic la \u015fcolile cu limb\u0103 de predare german\u0103 \u00een Rom\u00e2nia <\/a><a href=\"http:\/\/uniblaga.eu\/wp-content\/uploads\/2016\/03\/29.2.3.pdf\">\u00a0(175)<\/a><\/p>\n<p><strong>III. Traductologie \u015fi critica traducerii <\/strong><\/p>\n<p class=\"style1\"><a href=\"http:\/\/uniblaga.eu\/wp-content\/uploads\/2016\/03\/29.3.1.pdf\"><strong>Ioana Constantin:<\/strong><\/a><br \/>\n<a href=\"http:\/\/uniblaga.eu\/wp-content\/uploads\/2016\/03\/29.3.1.pdf\">Despre fidelitate \u015fi infidelitate \u00een traducere. Despre \u201ebelles infideles\u201c la paradigma feminist\u0103 (191)<\/a><\/p>\n<p><a href=\"http:\/\/uniblaga.eu\/wp-content\/uploads\/2016\/03\/29.3.2.pdf\"><strong>Georgiana-Simona Marin:<\/strong><\/a><br \/>\n<a href=\"http:\/\/uniblaga.eu\/wp-content\/uploads\/2016\/03\/29.2.5.pdf\">\u00a0Despre traductibilitatea si intraductibilitatea no\u021biunilor de drept (198)<\/a><br \/>\n<strong><br \/>\n<a href=\"http:\/\/uniblaga.eu\/wp-content\/uploads\/2016\/03\/29.3.3.pdf\">Mihai I. Crudu:<\/a><\/strong><br \/>\n<a href=\"http:\/\/uniblaga.eu\/wp-content\/uploads\/2016\/03\/29.3.3.pdf\">\u00a0Culturemul ca \u015fi reprezentare perilingvistic\u0103 \u00een actul traducerii. Exemplificare pe un roman al Aglajei Veteranyi (210)<\/a><\/p>\n<p><strong>IV. Prezentare de c\u0103r\u0163i <\/strong><\/p>\n<p class=\"style1\"><a href=\"http:\/\/uniblaga.eu\/wp-content\/uploads\/2016\/03\/29.4.1.pdf\"><strong>Maria Sass:<\/strong><\/a><br \/>\n<a href=\"http:\/\/uniblaga.eu\/wp-content\/uploads\/2016\/03\/29.4.1.pdf\">\u201cIntre lumi\u201d. Zimmermann, Silvia Irina: Der Zauber des fernen K\u00f6nigreichs. Carmen Sylvas Pelesch-M\u00e4rchen. Recenzie. (229)<\/a><\/p>\n<p class=\"style1\"><a href=\"http:\/\/uniblaga.eu\/wp-content\/uploads\/2016\/03\/29.4.1.pdf\"><strong>Doris Sava:<\/strong><\/a><br \/>\n<a href=\"http:\/\/uniblaga.eu\/wp-content\/uploads\/2016\/03\/29.4.1.pdf\">Literarische Zentrenbildung in Ostmittel- und S\u00fcdosteuropa: Hermannstadt\/Sibiu, Laibach\/Ljubljana und weitere Fallbeispiele. Hrsg. von Mira Miladinovi\u0107 Zalaznik, Maria Sass, Stefan Sienerth. Recenzie (235)<\/a><\/p>\n<p class=\"style1\"><a href=\"http:\/\/uniblaga.eu\/wp-content\/uploads\/2016\/03\/29.4.3.pdf\"><strong>Verzeichnis der AutorInnen (<\/strong>244)<\/a><\/p>\n<p><\/p>","protected":false},"excerpt":{"rendered":"<p>Abstracte \u00a0Cuv\u00e2nt \u00eenainte (11) I. Literatur\u0103, cultur\u0103 \u015fi civiliza\u0163ie Mariana-Virginia L\u00e3z\u00e3rescu: C\u00e2nd mor, vreau s\u0103 m\u0103 g\u00e2ndesc \u00een sf\u00e2r\u015fit cu to\u0163i porii la ceva util.\u201d \u00cen memoria germanistei, poetei \u015fi traduc\u0103toarei Liana Corciu (15) Maria Sass: Realismul magic ca modalitate de scriere camuflat\u0103, pornind de la Erika Mitterer \u015fi Gabriel Garc\u00eda M\u00e1rquez (26) Thomas Schares: &hellip; <a href=\"https:\/\/uniblaga.eu\/ro\/germanistische-beitrage\/vol-29-2011\/\" class=\"more-link\">Continuarea <span class=\"screen-reader-text\">Vol. 29, 2011<\/span> <span class=\"meta-nav\">&rarr;<\/span><\/a><\/p>\n","protected":false},"author":1,"featured_media":0,"parent":7,"menu_order":0,"comment_status":"closed","ping_status":"closed","template":"","meta":[],"_links":{"self":[{"href":"https:\/\/uniblaga.eu\/ro\/wp-json\/wp\/v2\/pages\/127"}],"collection":[{"href":"https:\/\/uniblaga.eu\/ro\/wp-json\/wp\/v2\/pages"}],"about":[{"href":"https:\/\/uniblaga.eu\/ro\/wp-json\/wp\/v2\/types\/page"}],"author":[{"embeddable":true,"href":"https:\/\/uniblaga.eu\/ro\/wp-json\/wp\/v2\/users\/1"}],"replies":[{"embeddable":true,"href":"https:\/\/uniblaga.eu\/ro\/wp-json\/wp\/v2\/comments?post=127"}],"version-history":[{"count":5,"href":"https:\/\/uniblaga.eu\/ro\/wp-json\/wp\/v2\/pages\/127\/revisions"}],"predecessor-version":[{"id":505,"href":"https:\/\/uniblaga.eu\/ro\/wp-json\/wp\/v2\/pages\/127\/revisions\/505"}],"up":[{"embeddable":true,"href":"https:\/\/uniblaga.eu\/ro\/wp-json\/wp\/v2\/pages\/7"}],"wp:attachment":[{"href":"https:\/\/uniblaga.eu\/ro\/wp-json\/wp\/v2\/media?parent=127"}],"curies":[{"name":"wp","href":"https:\/\/api.w.org\/{rel}","templated":true}]}}