{"id":113,"date":"2016-03-24T12:59:07","date_gmt":"2016-03-24T12:59:07","guid":{"rendered":"http:\/\/uniblaga.eu\/?page_id=113"},"modified":"2016-03-28T13:53:40","modified_gmt":"2016-03-28T13:53:40","slug":"vol-31-2012","status":"publish","type":"page","link":"https:\/\/uniblaga.eu\/ro\/germanistische-beitrage\/vol-31-2012\/","title":{"rendered":"Vol. 31, 2012"},"content":{"rendered":"<p><\/p>\n<p class=\"style1\"><a href=\"http:\/\/uniblaga.eu\/wp-content\/uploads\/2016\/03\/Abstracts31.pdf\">Abstracts<\/a><\/p>\n<p class=\"style1\">Cuv\u00e2nt \u00eenainte  (11)<\/p>\n<p class=\"style1\"><strong><span style=\"color: #000000;\">I.Literature and Cultural Studies<\/span><\/strong><\/p>\n<p class=\"style1\"><a href=\"http:\/\/uniblaga.eu\/wp-content\/uploads\/2016\/03\/31.1.1.pdf\"><strong>Sunhild, Galter (Sibiu\/Hermannstadt):<\/strong><\/a><br \/>\n<a href=\"http:\/\/uniblaga.eu\/wp-content\/uploads\/2016\/03\/31.1.1.pdf\">(Almost) a Literary Motif: Effi Briest there and back (15)<\/a><\/p>\n<p class=\"style1\"><a href=\"http:\/\/uniblaga.eu\/wp-content\/uploads\/2016\/03\/31.1.2.pdf\"><strong>Veronica Buciuman (Oradea\/Gro\u00dfwardein):<\/strong><\/a><br \/>\n<a href=\"http:\/\/uniblaga.eu\/wp-content\/uploads\/2016\/03\/31.1.2.pdf\">\u00a0\u201eMein Land riecht [\u2026] wie das Essen meiner Mutter.\u201c Homeland Visions in Herta M\u00fcllers Atemschaukel and in Aglaja Veteranyis Warum das Kind in der Polenta kocht (27)<\/a><\/p>\n<p class=\"style1\"><a href=\"http:\/\/uniblaga.eu\/wp-content\/uploads\/2016\/03\/31.1.3.pdf\"><strong>Iulia Elena Zup (Iassy)<\/strong><strong>:<\/strong><\/a><br \/>\n<a href=\"http:\/\/uniblaga.eu\/wp-content\/uploads\/2016\/03\/31.1.3.pdf\">The Romanian space in the works of C\u0103t\u0103lin Dorian Florescu (45)<\/a><\/p>\n<p class=\"style1\"><a href=\"http:\/\/uniblaga.eu\/wp-content\/uploads\/2016\/03\/31.1.4.pdf\"><strong>Ioan-Mirel H\u0103bean (Sibiu\/Hermannstadt)<\/strong>:<\/a><br \/>\n<a href=\"http:\/\/uniblaga.eu\/wp-content\/uploads\/2016\/03\/31.1.4.pdf\">\u00a0Mircea Eliade. Aspects of German Reception.The Indian Experience. (57)<\/a><\/p>\n<p class=\"style1\"><a href=\"http:\/\/uniblaga.eu\/wp-content\/uploads\/2016\/03\/31.1.5.pdf\"><strong>Alina-Elena Chiril\u0103 (Iassy):<\/strong><\/a><br \/>\n<a href=\"http:\/\/uniblaga.eu\/wp-content\/uploads\/2016\/03\/31.1.5.pdf\">Writing between Two Cultures: Carmen Sylva (71)<\/a><\/p>\n<p class=\"style1\"><a href=\"http:\/\/uniblaga.eu\/wp-content\/uploads\/2016\/03\/31.1.6.pdf\"><strong>Robert G. Elekes (Bra\u015fov\/Kronstadt):<\/strong><\/a><br \/>\n<a href=\"http:\/\/uniblaga.eu\/wp-content\/uploads\/2016\/03\/31.1.6.pdf\">\u00a0Innovation and Interkulturalism in the literary periodical Neue Literature at the beginning of the 1970s (83)<\/a><\/p>\n<p><strong>II. Linguistics<\/strong><\/p>\n<p class=\"style1\"><a href=\"http:\/\/uniblaga.eu\/wp-content\/uploads\/2016\/03\/31.2.1.pdf\"><strong>Csilla Ruff (Baia-Mare):<\/strong><\/a><br \/>\n<a href=\"http:\/\/uniblaga.eu\/wp-content\/uploads\/2016\/03\/31.2.1.pdf\">A piece of history from the Zipserei (111)<\/a><\/p>\n<p class=\"style1\"><a href=\"http:\/\/uniblaga.eu\/wp-content\/uploads\/2016\/03\/31.2.2.pdf\"><strong>Rebecca Erika B\u0103ru\u0163ia (Baia-Mare)<\/strong>:<\/a><br \/>\n<a href=\"http:\/\/uniblaga.eu\/wp-content\/uploads\/2016\/03\/31.2.2.pdf\">\u00a0Aspects of interculturality in the language use of the Zipser German community of Vi\u015feu de Sus. Some observations on the borrowings of the Zipser dialect from Romanian and Hungarian (118)<\/a><\/p>\n<p class=\"style1\"><a href=\"http:\/\/uniblaga.eu\/wp-content\/uploads\/2016\/03\/31.2.3.pdf\"><strong>Marius Stroia (Sibiu\/Hermannstadt):<\/strong><\/a><br \/>\n<a href=\"http:\/\/uniblaga.eu\/wp-content\/uploads\/2016\/03\/31.2.3.pdf\">The communicative and cultural roles of the foreign languages in the international communication and their possible consequences for their curricular position in the foreign language teaching (128)<\/a><\/p>\n<p class=\"style1\"><a href=\"http:\/\/uniblaga.eu\/wp-content\/uploads\/2016\/03\/31.2.4.pdf\"><strong>Patricia Serbac (Tg. Mures\/Neumarkt):<\/strong><\/a><br \/>\n<a href=\"http:\/\/uniblaga.eu\/wp-content\/uploads\/2016\/03\/31.2.4.pdf\">\u00a0New Research about Interferences in the Field of Education in Today\u00b4s German Language in Romania (142)<\/a><\/p>\n<p><strong>III. Translation Theory and Criticism<\/strong><\/p>\n<p class=\"style1\"><a href=\"http:\/\/uniblaga.eu\/wp-content\/uploads\/2016\/03\/31.3.1.pdf\"><strong>Nora C\u0103p\u0103\u0163\u00e2n\u0103 (Sibiu\/Hermannstadt):<br \/>\n<\/strong><\/a><a href=\"http:\/\/uniblaga.eu\/wp-content\/uploads\/2016\/03\/31.3.1.pdf\">The Role of Translation in German Studies. Application Possibilities and Benefits (155)<\/a><\/p>\n<p><a href=\"http:\/\/uniblaga.eu\/wp-content\/uploads\/2016\/03\/31.3.2.pdf\"><strong>L\u0103cr\u0103mioara Popa (Sibiu-Hermannstadt):<\/strong><\/a><br \/>\n<a href=\"http:\/\/uniblaga.eu\/wp-content\/uploads\/2016\/03\/31.3.2.pdf\">The ballad of the sun wedding with the moon. Variants of translation by W. von Kotzebue, Johann Karl Schuller, A. Franken, Otto Hauser and Hans Diplich (163)<\/a><br \/>\n<strong><br \/>\n<\/strong><a href=\"http:\/\/uniblaga.eu\/wp-content\/uploads\/2016\/03\/31.3.3.pdf\"><strong>Georgiana-Simona Marin (Sibiu-Hermannstadt):<\/strong><\/a><br \/>\n<a href=\"http:\/\/uniblaga.eu\/wp-content\/uploads\/2016\/03\/31.3.3.pdf\">Institution Names as Translation Problem (176)<\/a><\/p>\n<p class=\"style1\"><a href=\"http:\/\/uniblaga.eu\/wp-content\/uploads\/2016\/03\/31.3.4.pdf\"><strong>Mihai Crudu (Suceava):<\/strong><\/a><br \/>\n<a href=\"http:\/\/uniblaga.eu\/wp-content\/uploads\/2016\/03\/31.3.4.pdf\">\u00a0Equivalence relations between onymical expressions in German and Romanian languages: intercultural changing through translation (185)<\/a><\/p>\n<p><strong>IV.<\/strong> The Current Issue<\/p>\n<p class=\"style1\"><a href=\"http:\/\/uniblaga.eu\/wp-content\/uploads\/2016\/03\/31.4.1.pdf\"><strong>Maria Sass (Sibiu\/Hermannstadt):<\/strong><\/a><br \/>\n<a href=\"http:\/\/uniblaga.eu\/wp-content\/uploads\/2016\/03\/31.4.1.pdf\">Interview with writer and literary critic Joachim Wittstock (201)<\/a><\/p>\n<p class=\"style1\"><strong>V. Book Show<\/strong><\/p>\n<p class=\"style1\"><a href=\"http:\/\/uniblaga.eu\/wp-content\/uploads\/2016\/03\/31.5.1.pdf\"><strong>Maria Trappen (Sibiu\/Hermannstadt):<\/strong><\/a><a href=\"http:\/\/uniblaga.eu\/wp-content\/uploads\/2016\/03\/31.5.1.pdf\">\u00a0Review (213)<\/a><\/p>\n<p><a href=\"http:\/\/uniblaga.eu\/wp-content\/uploads\/2016\/03\/31.5.2.pdf\"><strong>Index of authors (<\/strong>219)<\/a><\/p>","protected":false},"excerpt":{"rendered":"<p>Abstracts Cuv\u00e2nt \u00eenainte (11) I.Literature and Cultural Studies Sunhild, Galter (Sibiu\/Hermannstadt): (Almost) a Literary Motif: Effi Briest there and back (15) Veronica Buciuman (Oradea\/Gro\u00dfwardein): \u00a0\u201eMein Land riecht [\u2026] wie das Essen meiner Mutter.\u201c Homeland Visions in Herta M\u00fcllers Atemschaukel and in Aglaja Veteranyis Warum das Kind in der Polenta kocht (27) Iulia Elena Zup (Iassy): &hellip; <a href=\"https:\/\/uniblaga.eu\/ro\/germanistische-beitrage\/vol-31-2012\/\" class=\"more-link\">Continuarea <span class=\"screen-reader-text\">Vol. 31, 2012<\/span> <span class=\"meta-nav\">&rarr;<\/span><\/a><\/p>\n","protected":false},"author":1,"featured_media":0,"parent":7,"menu_order":0,"comment_status":"closed","ping_status":"closed","template":"","meta":[],"_links":{"self":[{"href":"https:\/\/uniblaga.eu\/ro\/wp-json\/wp\/v2\/pages\/113"}],"collection":[{"href":"https:\/\/uniblaga.eu\/ro\/wp-json\/wp\/v2\/pages"}],"about":[{"href":"https:\/\/uniblaga.eu\/ro\/wp-json\/wp\/v2\/types\/page"}],"author":[{"embeddable":true,"href":"https:\/\/uniblaga.eu\/ro\/wp-json\/wp\/v2\/users\/1"}],"replies":[{"embeddable":true,"href":"https:\/\/uniblaga.eu\/ro\/wp-json\/wp\/v2\/comments?post=113"}],"version-history":[{"count":6,"href":"https:\/\/uniblaga.eu\/ro\/wp-json\/wp\/v2\/pages\/113\/revisions"}],"predecessor-version":[{"id":511,"href":"https:\/\/uniblaga.eu\/ro\/wp-json\/wp\/v2\/pages\/113\/revisions\/511"}],"up":[{"embeddable":true,"href":"https:\/\/uniblaga.eu\/ro\/wp-json\/wp\/v2\/pages\/7"}],"wp:attachment":[{"href":"https:\/\/uniblaga.eu\/ro\/wp-json\/wp\/v2\/media?parent=113"}],"curies":[{"name":"wp","href":"https:\/\/api.w.org\/{rel}","templated":true}]}}