{"id":107,"date":"2016-03-24T12:57:04","date_gmt":"2016-03-24T12:57:04","guid":{"rendered":"http:\/\/uniblaga.eu\/?page_id=107"},"modified":"2016-03-28T13:48:20","modified_gmt":"2016-03-28T13:48:20","slug":"vol-34-2014","status":"publish","type":"page","link":"https:\/\/uniblaga.eu\/ro\/germanistische-beitrage\/vol-34-2014\/","title":{"rendered":"Vol. 34, 2014"},"content":{"rendered":"<p><\/p>\n<p class=\"style1\"><a href=\"http:\/\/smartperspective.ro\/wp-content\/uploads\/2016\/01\/RoAbstracts34.pdf\">Abstracte<\/a><\/p>\n<p class=\"style1\"><a href=\"http:\/\/uniblaga.eu\/wp-content\/uploads\/2016\/03\/Vorwort34.pdf\">Cuv\u00e2nt \u00eenainte (9)<\/a><\/p>\n<p class=\"style1\"><a href=\"http:\/\/uniblaga.eu\/wp-content\/uploads\/2016\/03\/34.1.1.pdf\"><strong>Eugen CHRIST(Stuttgart): Re\u0163ea pentru tineri: \u201eGermana \u00een spa\u0163iul danubian\u201c \u2013 Merit\u0103 s\u0103 reflect\u0103m<\/strong>\u00a0(11)<\/a><\/p>\n<p class=\"style1\"><a href=\"http:\/\/uniblaga.eu\/wp-content\/uploads\/2016\/03\/34.1.2.pdf\"><strong>Peter DINES (PH Ludwigsburg):<\/strong><\/a><br \/>\n<a href=\"http:\/\/uniblaga.eu\/wp-content\/uploads\/2016\/03\/34.1.2.pdf\">Cooperarea Facult\u0103\u0163ii de pedagogie din Ludwigsburg cu partenerii din spa\u0163iul danubian: proiecte, experien\u0163e, perspective (24)<\/a><\/p>\n<p class=\"style1\"><a href=\"http:\/\/uniblaga.eu\/wp-content\/uploads\/2016\/03\/34.1.3.pdf\"><strong>Robert KOVAC \/Sanja NINKOVIC (Novi Sad)<\/strong><strong>:<\/strong><\/a><br \/>\n<a href=\"http:\/\/uniblaga.eu\/wp-content\/uploads\/2016\/03\/34.1.3.pdf\">Limba \u015fi cultura german\u0103 \u015fi formarea de profesori de limba german\u0103 \u00een Serbia (37)<\/a><\/p>\n<p class=\"style1\"><a href=\"http:\/\/uniblaga.eu\/wp-content\/uploads\/2016\/03\/34.1.4.pdf\"><strong>Stephanie JUG\/Sanja CIMER (Osijek)<\/strong>:<\/a><br \/>\n<a href=\"http:\/\/uniblaga.eu\/wp-content\/uploads\/2016\/03\/34.1.4.pdf\">Trecut \u015fi prezent al influen\u0163elor limbii germane la Catedra de Germanistic\u0103 din Osijek (50)<\/a><\/p>\n<p class=\"style1\"><a href=\"http:\/\/uniblaga.eu\/wp-content\/uploads\/2016\/03\/34.1.5.pdf\"><strong>Liana Regina IUNESCH (Hermannstadt\/Sibiu):<\/strong><\/a><br \/>\n<a href=\"http:\/\/uniblaga.eu\/wp-content\/uploads\/2016\/03\/34.1.5.pdf\">Pedagogia experien\u021bial\u0103 ca mod de predare interdisciplinar\u0103 bazat\u0103 pe ac\u021biune a limbii germane moderne (66)<\/a><\/p>\n<p class=\"style1\"><a href=\"http:\/\/uniblaga.eu\/wp-content\/uploads\/2016\/03\/34.1.6.pdf\"><strong>Gabor FRANK (P\u00e9cs\/F\u00fcnfkirchen):<\/strong><\/a><br \/>\n<a href=\"http:\/\/uniblaga.eu\/wp-content\/uploads\/2016\/03\/34.1.6.pdf\">Formarea de profesori de limba german\u0103 \u00een Ungaria (87)<\/a><\/p>\n<p class=\"style1\"><a href=\"http:\/\/uniblaga.eu\/wp-content\/uploads\/2016\/03\/34.1.7.pdf\"><strong>Ellen TICHY (Sibiu\/Hermannstadt):<\/strong><\/a><br \/>\n<a href=\"http:\/\/uniblaga.eu\/wp-content\/uploads\/2016\/03\/34.1.7.pdf\">Ia dou\u0103: Dou\u0103 culturi \u2013 eine Heimat! O \u00eent\u00e2lnire transcultural\u0103 \u00eentre tineri rom\u00e2ni \u015fi germani (96)<\/a><\/p>\n<p class=\"style1\"><a href=\"http:\/\/uniblaga.eu\/wp-content\/uploads\/2016\/03\/34.1.8.pdf\"><strong>Florentina ALEXANDRU (Bukarest):<\/strong><\/a><br \/>\n<a href=\"http:\/\/uniblaga.eu\/wp-content\/uploads\/2016\/03\/34.1.8.pdf\">Dimensiunea intercultural\u0103 a procesului de predare \u015fi \u00eenv\u0103\u0163are a limbilor str\u0103ine \u00eentr-un context lingvistic \u015fi cultural omogen (109)<\/a><\/p>\n<p class=\"style1\"><a href=\"http:\/\/uniblaga.eu\/wp-content\/uploads\/2016\/03\/34.1.9.pdf\"><strong>Adriana D\u0102NIL\u0102 (Bukarest)<\/strong>:<\/a><br \/>\n<a href=\"http:\/\/uniblaga.eu\/wp-content\/uploads\/2016\/03\/34.1.9.pdf\">C\u00e2teva aspecte ale limbii de lemn \u00een presa de limb\u0103 german\u0103 din Rom\u00e2nia anilor 1950 \u015fi 1960 (138)<\/a><\/p>\n<p class=\"style1\"><a href=\"http:\/\/uniblaga.eu\/wp-content\/uploads\/2016\/03\/34.1.10.pdf\"><strong>Sanja NINKOVIC \/ Robert KOVAC (Novi Sad):<br \/>\n<\/strong>O compara\u0163ie interlingual\u0103 \u00een cadrul frazeologismelor cu numerale (exemplific\u0103ri: Sieben\/Sedam\/ \u015fapte) (158)<\/a><\/p>\n<p><strong>Anlage:<\/strong><\/p>\n<p style=\"text-align: left;\"><a href=\"http:\/\/uniblaga.eu\/wp-content\/uploads\/2016\/03\/34.1.11.pdf\">Film, Sprache, Begegnung (Holdorf\/Maurer PH Ludwigsburg):Film &#8211; Sprache \u2013 Begegnung. Ein interkulturelles medienp\u00e4dagogisches Sprachf\u00f6rdersommercamp in Rum\u00e4nien (173)<\/a><\/p>\n<p><a href=\"http:\/\/uniblaga.eu\/wp-content\/uploads\/2016\/03\/34.1.12.pdf\">Zirkusp\u00e4dagogik:\u201eWarum der ganze Zirkus?\u201c\u00a0(189)<\/a><\/p>\n<p><a href=\"http:\/\/uniblaga.eu\/wp-content\/uploads\/2016\/03\/34.1.13.pdf\">Mediencamp: Medienp\u00e4dagogische Jugendbegegnung in<\/a><br \/>\n<a href=\"http:\/\/uniblaga.eu\/wp-content\/uploads\/2016\/03\/34.1.13.pdf\">Sombor. Sprache \u2013 Medien &#8211; Interkulturalit\u00e4t:<\/a><br \/>\n<a href=\"http:\/\/uniblaga.eu\/wp-content\/uploads\/2016\/03\/34.1.13.pdf\">13.- 22.August 2013 (199)<\/a><\/p>","protected":false},"excerpt":{"rendered":"<p>Abstracte Cuv\u00e2nt \u00eenainte (9) Eugen CHRIST(Stuttgart): Re\u0163ea pentru tineri: \u201eGermana \u00een spa\u0163iul danubian\u201c \u2013 Merit\u0103 s\u0103 reflect\u0103m\u00a0(11) Peter DINES (PH Ludwigsburg): Cooperarea Facult\u0103\u0163ii de pedagogie din Ludwigsburg cu partenerii din spa\u0163iul danubian: proiecte, experien\u0163e, perspective (24) Robert KOVAC \/Sanja NINKOVIC (Novi Sad): Limba \u015fi cultura german\u0103 \u015fi formarea de profesori de limba german\u0103 \u00een Serbia &hellip; <a href=\"https:\/\/uniblaga.eu\/ro\/germanistische-beitrage\/vol-34-2014\/\" class=\"more-link\">Continuarea <span class=\"screen-reader-text\">Vol. 34, 2014<\/span> <span class=\"meta-nav\">&rarr;<\/span><\/a><\/p>\n","protected":false},"author":1,"featured_media":0,"parent":7,"menu_order":0,"comment_status":"closed","ping_status":"closed","template":"","meta":[],"_links":{"self":[{"href":"https:\/\/uniblaga.eu\/ro\/wp-json\/wp\/v2\/pages\/107"}],"collection":[{"href":"https:\/\/uniblaga.eu\/ro\/wp-json\/wp\/v2\/pages"}],"about":[{"href":"https:\/\/uniblaga.eu\/ro\/wp-json\/wp\/v2\/types\/page"}],"author":[{"embeddable":true,"href":"https:\/\/uniblaga.eu\/ro\/wp-json\/wp\/v2\/users\/1"}],"replies":[{"embeddable":true,"href":"https:\/\/uniblaga.eu\/ro\/wp-json\/wp\/v2\/comments?post=107"}],"version-history":[{"count":6,"href":"https:\/\/uniblaga.eu\/ro\/wp-json\/wp\/v2\/pages\/107\/revisions"}],"predecessor-version":[{"id":502,"href":"https:\/\/uniblaga.eu\/ro\/wp-json\/wp\/v2\/pages\/107\/revisions\/502"}],"up":[{"embeddable":true,"href":"https:\/\/uniblaga.eu\/ro\/wp-json\/wp\/v2\/pages\/7"}],"wp:attachment":[{"href":"https:\/\/uniblaga.eu\/ro\/wp-json\/wp\/v2\/media?parent=107"}],"curies":[{"name":"wp","href":"https:\/\/api.w.org\/{rel}","templated":true}]}}