{"id":830,"date":"2018-11-27T21:11:37","date_gmt":"2018-11-27T21:11:37","guid":{"rendered":"http:\/\/uniblaga.eu\/?page_id=830"},"modified":"2019-04-01T10:14:37","modified_gmt":"2019-04-01T10:14:37","slug":"vol-43-2018","status":"publish","type":"page","link":"http:\/\/uniblaga.eu\/de\/vol-43-2018\/","title":{"rendered":"Band 43, 2018"},"content":{"rendered":"<p><a href=\"http:\/\/uniblaga.eu\/wp-content\/uploads\/2018\/43\/Dogaru.pdf\">Dana Dogaru \u2013 Professor Dr. Konnerth zum 80. Geburtstag<\/a><\/p>\n<p><a href=\"http:\/\/uniblaga.eu\/wp-content\/uploads\/2018\/43\/Sass.pdf\">Maria Sass (Sibiu\/Hermannstadt): \u201cIch bin ein Sachse, protestiere aber nicht, wenn mich ein bodenst\u00e4ndiger Deutscher f\u00fcr einen Rum\u00e4nen h\u00e4lt.\u201d Das (inter-)kulturelle Portrait Paul Schusters\u00a0<\/a><\/p>\n<p><a href=\"http:\/\/uniblaga.eu\/wp-content\/uploads\/2018\/43\/Predoiu.pdf\">Grazziella Predoiu (Temeswar): Grenzerfahrungen: Zu Dimitr\u00e9 Dinevs interkulturellem Roman Engelszungen<\/a><\/p>\n<p><a href=\"http:\/\/uniblaga.eu\/wp-content\/uploads\/2018\/43\/Galter.pdf\">Sunhild Galter (Sibiu\/Hermannstadt): Das Bild der zornigen jungen Frau in Fatma Aydemirs Deb\u00fctroman Ellbogen<\/a><\/p>\n<p><a href=\"http:\/\/uniblaga.eu\/wp-content\/uploads\/2018\/43\/Teichmann.pdf\">Johannes Teichmann (Viena\/Wien): Vork\u00e4mpfer der literarischen Moderne? Adolf Meschend\u00f6rfer (1877-1963) und sein Roman Leonore<\/a><\/p>\n<p><a href=\"http:\/\/uniblaga.eu\/wp-content\/uploads\/2018\/43\/Karlstedt.pdf\">Ana Karlstedt (Bucure\u015fti\/Bukarest): \u201eDie deutsch-rum\u00e4nische Freundschaft tr\u00e4gt offensichtlich Fr\u00fcchte\u201d. Fremd- und Selbstbilder im Film Offset<\/a><\/p>\n<p><a href=\"http:\/\/uniblaga.eu\/wp-content\/uploads\/2018\/43\/Nicolaescu.pdf\">Alexandra Nicolaescu (Bucure\u015fti\/Bukarest): Das Emigrantenschicksal im Roman Arc de Triomphe von Erich Maria Remarque<\/a><\/p>\n<p><a href=\"http:\/\/uniblaga.eu\/wp-content\/uploads\/2018\/43\/Pantu.pdf\">Ileana Pan\u0163u (Bucure\u015fti\/Bukarest): Aspekte der Interkulturalit\u00e4t in der Lyrik von Rolf Bossert und der rum\u00e4niendeutschen Autoren der Anthologie V\u00eent potrivit p\u00een\u0103 la tare (1982)<\/a><\/p>\n<p><a href=\"http:\/\/uniblaga.eu\/wp-content\/uploads\/2018\/43\/Sadikou.pdf\">Nadjib Sadikou (Flensburg): Literatur und kulturelle\u203a Wir-Phantasmen \u2039in Europa. \u00dcberlegungen am Beispiel Iris Wolffs Roman So tun, als ob es regnet<\/a><\/p>\n<p><a href=\"http:\/\/uniblaga.eu\/wp-content\/uploads\/2018\/43\/Turk.pdf\">Anne T\u00fcrk (Sibiu\/Hermannstadt): Die verlorene Generation und die Deportation in Siebenb\u00fcrgen. Abgrenzung oder Austausch<\/a><\/p>\n<p><a href=\"http:\/\/uniblaga.eu\/wp-content\/uploads\/2018\/43\/Petrin.pdf\">Iulia Petrin (Ia\u015fi\/Iassy): Robert Flinkers Romane und die Erfahrung der Psychiatrie<\/a><\/p>\n<p>Sprachwissenschaft<\/p>\n<p><a href=\"http:\/\/uniblaga.eu\/wp-content\/uploads\/2018\/43\/Sava.pdf\">Doris Sava (Sibiu\/ Hermannstadt): Scherz, Satire &amp; Ironie \u2013 Internet-Meme als \u00f6ffentliche Kritikform<\/a><\/p>\n<p><a href=\"http:\/\/uniblaga.eu\/wp-content\/uploads\/2018\/43\/Rudolf.pdf\">Gerhild Rudolf (Sibiu\/ Hermannstadt): Zur Sprachsituation der Schulen mit deutscher Unterrichtssprache in Rum\u00e4nien \u2013 Entwicklung, Probleme, Perspektiven.<\/a><\/p>\n<p><a href=\"http:\/\/uniblaga.eu\/wp-content\/uploads\/2018\/43\/Popa.pdf\">Carmen Popa (Sibiu\/ Hermannstadt): Die Rechtspflege in Siebenb\u00fcrgen im 16. und 17. Jh. anhand der Magistrats- und Judikatsprotokolle<\/a><\/p>\n<p><a href=\"http:\/\/uniblaga.eu\/wp-content\/uploads\/2018\/43\/Mihail.pdf\">Cristina Mihail (Sibiu\/ Hermannstadt): Die rum\u00e4nische Heimat und der Tod in deutschen Landen. Todesanzeigen in der Siebenb\u00fcrgischen Zeitung<\/a><\/p>\n<p>&nbsp;<\/p>","protected":false},"excerpt":{"rendered":"<p>Dana Dogaru \u2013 Professor Dr. Konnerth zum 80. Geburtstag Maria Sass (Sibiu\/Hermannstadt): \u201cIch bin ein Sachse, protestiere aber nicht, wenn mich ein bodenst\u00e4ndiger Deutscher f\u00fcr einen Rum\u00e4nen h\u00e4lt.\u201d Das (inter-)kulturelle Portrait Paul Schusters\u00a0 Grazziella Predoiu (Temeswar): Grenzerfahrungen: Zu Dimitr\u00e9 Dinevs interkulturellem Roman Engelszungen Sunhild Galter (Sibiu\/Hermannstadt): Das Bild der zornigen jungen Frau in Fatma Aydemirs &hellip; <a href=\"http:\/\/uniblaga.eu\/de\/vol-43-2018\/\" class=\"more-link\"><span class=\"screen-reader-text\">Band 43, 2018<\/span> weiterlesen <span class=\"meta-nav\">&rarr;<\/span><\/a><\/p>\n","protected":false},"author":1,"featured_media":0,"parent":0,"menu_order":0,"comment_status":"closed","ping_status":"closed","template":"","meta":[],"_links":{"self":[{"href":"http:\/\/uniblaga.eu\/de\/wp-json\/wp\/v2\/pages\/830"}],"collection":[{"href":"http:\/\/uniblaga.eu\/de\/wp-json\/wp\/v2\/pages"}],"about":[{"href":"http:\/\/uniblaga.eu\/de\/wp-json\/wp\/v2\/types\/page"}],"author":[{"embeddable":true,"href":"http:\/\/uniblaga.eu\/de\/wp-json\/wp\/v2\/users\/1"}],"replies":[{"embeddable":true,"href":"http:\/\/uniblaga.eu\/de\/wp-json\/wp\/v2\/comments?post=830"}],"version-history":[{"count":6,"href":"http:\/\/uniblaga.eu\/de\/wp-json\/wp\/v2\/pages\/830\/revisions"}],"predecessor-version":[{"id":848,"href":"http:\/\/uniblaga.eu\/de\/wp-json\/wp\/v2\/pages\/830\/revisions\/848"}],"wp:attachment":[{"href":"http:\/\/uniblaga.eu\/de\/wp-json\/wp\/v2\/media?parent=830"}],"curies":[{"name":"wp","href":"https:\/\/api.w.org\/{rel}","templated":true}]}}